{"version":"1.0","provider_name":"Porin Munsk\u00e4nkarna","provider_url":"https:\/\/munskankarna.org\/pori","author_name":"Markku","author_url":"https:\/\/munskankarna.org\/pori\/author\/markkujokela\/","title":"Vuoden 2023 tasting aikataulu - Porin Munsk\u00e4nkarna","type":"rich","width":600,"height":338,"html":"<blockquote class=\"wp-embedded-content\" data-secret=\"DjmL9QOx2E\"><a href=\"https:\/\/munskankarna.org\/pori\/2023\/03\/09\/vuoden-2023-tasting-aikataulu\/\">Vuoden 2023 tasting aikataulu<\/a><\/blockquote><iframe sandbox=\"allow-scripts\" security=\"restricted\" src=\"https:\/\/munskankarna.org\/pori\/2023\/03\/09\/vuoden-2023-tasting-aikataulu\/embed\/#?secret=DjmL9QOx2E\" width=\"600\" height=\"338\" title=\"&#8221;Vuoden 2023 tasting aikataulu&#8221; &#8212; Porin Munsk\u00e4nkarna\" data-secret=\"DjmL9QOx2E\" frameborder=\"0\" marginwidth=\"0\" marginheight=\"0\" scrolling=\"no\" class=\"wp-embedded-content\"><\/iframe><script type=\"text\/javascript\">\n\/* <![CDATA[ *\/\n\/*! This file is auto-generated *\/\n!function(d,l){\"use strict\";l.querySelector&&d.addEventListener&&\"undefined\"!=typeof URL&&(d.wp=d.wp||{},d.wp.receiveEmbedMessage||(d.wp.receiveEmbedMessage=function(e){var t=e.data;if((t||t.secret||t.message||t.value)&&!\/[^a-zA-Z0-9]\/.test(t.secret)){for(var s,r,n,a=l.querySelectorAll('iframe[data-secret=\"'+t.secret+'\"]'),o=l.querySelectorAll('blockquote[data-secret=\"'+t.secret+'\"]'),c=new RegExp(\"^https?:$\",\"i\"),i=0;i<o.length;i++)o[i].style.display=\"none\";for(i=0;i<a.length;i++)s=a[i],e.source===s.contentWindow&&(s.removeAttribute(\"style\"),\"height\"===t.message?(1e3<(r=parseInt(t.value,10))?r=1e3:~~r<200&&(r=200),s.height=r):\"link\"===t.message&&(r=new URL(s.getAttribute(\"src\")),n=new URL(t.value),c.test(n.protocol))&&n.host===r.host&&l.activeElement===s&&(d.top.location.href=t.value))}},d.addEventListener(\"message\",d.wp.receiveEmbedMessage,!1),l.addEventListener(\"DOMContentLoaded\",function(){for(var e,t,s=l.querySelectorAll(\"iframe.wp-embedded-content\"),r=0;r<s.length;r++)(t=(e=s[r]).getAttribute(\"data-secret\"))||(t=Math.random().toString(36).substring(2,12),e.src+=\"#?secret=\"+t,e.setAttribute(\"data-secret\",t)),e.contentWindow.postMessage({message:\"ready\",secret:t},\"*\")},!1)))}(window,document);\n\/\/# sourceURL=https:\/\/munskankarna.org\/pori\/wp-includes\/js\/wp-embed.min.js\n\/* ]]> *\/\n<\/script>\n","description":"Vuoden 2023 tasting p\u00e4iv\u00e4m\u00e4\u00e4r\u00e4t on ly\u00f6ty lukkoon. Tastingin tarkempi sis\u00e4lt\u00f6 ja hinta ilmoitetaan j\u00e4senist\u00f6n WhatsApp ryhm\u00e4ss\u00e4, jossa voi my\u00f6s ilmoittautua. Lis\u00e4tietoja tastingeista voi my\u00f6s kysy\u00e4 puheenjohtaja Hannele Levolta. P\u00e4iv\u00e4m\u00e4\u00e4r\u00e4t 2023 13.1 Vuoden 2022 viinit 17.2 Viinimestarit 17.3 Maailman viinit ( tastingin yhteydess\u00e4 vuosikokous) 21.4 Alsace matkan kuulumisia 6-7.5 Porin Munskankarnan viinimatka Turkuun 9.6 Kes\u00e4iset viinit [&hellip;]"}